{"id":77,"date":"2014-07-31T08:26:13","date_gmt":"2014-07-31T07:26:13","guid":{"rendered":"http:\/\/www.bruxaines.be\/?page_id=77"},"modified":"2025-07-14T07:13:27","modified_gmt":"2025-07-14T06:13:27","slug":"vivre-un-chagrin-apres-la-mort-dun-proche","status":"publish","type":"page","link":"https:\/\/www.bruxaines.be\/?page_id=77","title":{"rendered":"Livre-outil \u00ab\u00a0Vivre un chagrin apr\u00e8s la mort d&rsquo;un proche\u00a0\u00bb"},"content":{"rendered":"<p style=\"text-align: center;\"><a href=\"http:\/\/www.bruxaines.be\/wp-content\/uploads\/2025\/05\/COVER_Vivre-un-chagrin_4e-edition-scaled.jpg\"><img loading=\"lazy\" decoding=\"async\" class=\"alignnone wp-image-709 size-medium\" src=\"http:\/\/www.bruxaines.be\/wp-content\/uploads\/2025\/05\/COVER_Vivre-un-chagrin_4e-edition-212x300.jpg\" alt=\"\" width=\"212\" height=\"300\" srcset=\"https:\/\/www.bruxaines.be\/wp-content\/uploads\/2025\/05\/COVER_Vivre-un-chagrin_4e-edition-212x300.jpg 212w, https:\/\/www.bruxaines.be\/wp-content\/uploads\/2025\/05\/COVER_Vivre-un-chagrin_4e-edition-724x1024.jpg 724w, https:\/\/www.bruxaines.be\/wp-content\/uploads\/2025\/05\/COVER_Vivre-un-chagrin_4e-edition-768x1086.jpg 768w, https:\/\/www.bruxaines.be\/wp-content\/uploads\/2025\/05\/COVER_Vivre-un-chagrin_4e-edition-1086x1536.jpg 1086w, https:\/\/www.bruxaines.be\/wp-content\/uploads\/2025\/05\/COVER_Vivre-un-chagrin_4e-edition-1448x2048.jpg 1448w, https:\/\/www.bruxaines.be\/wp-content\/uploads\/2025\/05\/COVER_Vivre-un-chagrin_4e-edition-scaled.jpg 1810w\" sizes=\"auto, (max-width: 212px) 100vw, 212px\" \/><\/a><\/p>\n<p align=\"center\"><strong>L\u2019accompagnement de la personne en situation de handicap intellectuel et endeuill\u00e9e\u00a0<\/strong><\/p>\n<p style=\"text-align: justify;\">Ce premier \u00ab livre-outil \u00bb est destin\u00e9 \u00e0 accompagner la personne adulte en situation de handicap intellectuel et endeuill\u00e9e.<\/p>\n<p style=\"text-align: justify;\"><i>\u00a0\u00ab\u00a0<span style=\"text-decoration: underline;\">Vivre un chagrin apr\u00e8s la mort d\u2019un proche\u00a0\u00bb<b> <\/b><\/span><\/i><span style=\"text-decoration: underline;\">poursuit deux objectifs<\/span> :<\/p>\n<p style=\"text-align: justify;\">Dans sa premi\u00e8re partie, il permet \u00e0 la personne endeuill\u00e9e de r\u00e9pondre aux questions qu&rsquo;elle peut se poser sur la mort et sur les rites fun\u00e9raires.<br \/>\nDans sa deuxi\u00e8me partie, il ouvre la voie \u00e0 l&rsquo;expression et \u00e0 la reconnaissance des \u00e9motions \u00e9prouv\u00e9es lors du d\u00e9c\u00e8s d&rsquo;un proche.<\/p>\n<p style=\"text-align: justify;\">Ce livre-outil est destin\u00e9 \u00e0 devenir la propri\u00e9t\u00e9 de la personne endeuill\u00e9e qui choisira de le parcourir, \u00e0 son rythme, avec la personne de son choix, tout au long de son processus de deuil.<\/p>\n<p style=\"text-align: justify;\">C&rsquo;est \u00e0 travers cet \u00e9change respectueux et attentif qu&rsquo;accompagnant et personne adulte en situation de handicap intellectuel et endeuill\u00e9e s&rsquo;autoriseront \u00e0 dire, \u00e0 ressentir des \u00e9motions l&rsquo;un devant l&rsquo;autre et \u00e0 \u00e9voquer la personne disparue.<\/p>\n<p style=\"text-align: justify;\">L&rsquo;utilisation de cet outil est facilit\u00e9e par l&rsquo;apport de photos tr\u00e8s r\u00e9alistes et de pictogrammes reprenant les diff\u00e9rentes \u00e9motions \u00e9prouv\u00e9es lors d&rsquo;un deuil.<\/p>\n<p style=\"text-align: justify;\">Prix du livre-outil\u00a0: 10 \u20ac<\/p>\n<p style=\"text-align: justify;\"><em>L&rsquo;accompagnement peut \u00e9galement \u00eatre compl\u00e9t\u00e9 par un second outil : <a title=\"Un jeu de fiches pour accompagner le deuil\" href=\"http:\/\/www.bruxaines.be\/?page_id=102\">un jeu de fiches pour accompagner le deuil<\/a>. \u00a0<\/em><\/p>\n","protected":false},"excerpt":{"rendered":"<p>L\u2019accompagnement de la personne en situation de handicap intellectuel et endeuill\u00e9e\u00a0 Ce premier \u00ab livre-outil \u00bb est destin\u00e9 \u00e0 accompagner la personne adulte en situation de handicap intellectuel et endeuill\u00e9e. <a class=\"more-link\" href=\"https:\/\/www.bruxaines.be\/?page_id=77\">Lire la suite &rarr;<\/a><\/p>\n","protected":false},"author":3,"featured_media":0,"parent":0,"menu_order":0,"comment_status":"closed","ping_status":"open","template":"","meta":{"footnotes":""},"class_list":["post-77","page","type-page","status-publish","hentry"],"_links":{"self":[{"href":"https:\/\/www.bruxaines.be\/index.php?rest_route=\/wp\/v2\/pages\/77","targetHints":{"allow":["GET"]}}],"collection":[{"href":"https:\/\/www.bruxaines.be\/index.php?rest_route=\/wp\/v2\/pages"}],"about":[{"href":"https:\/\/www.bruxaines.be\/index.php?rest_route=\/wp\/v2\/types\/page"}],"author":[{"embeddable":true,"href":"https:\/\/www.bruxaines.be\/index.php?rest_route=\/wp\/v2\/users\/3"}],"replies":[{"embeddable":true,"href":"https:\/\/www.bruxaines.be\/index.php?rest_route=%2Fwp%2Fv2%2Fcomments&post=77"}],"version-history":[{"count":9,"href":"https:\/\/www.bruxaines.be\/index.php?rest_route=\/wp\/v2\/pages\/77\/revisions"}],"predecessor-version":[{"id":786,"href":"https:\/\/www.bruxaines.be\/index.php?rest_route=\/wp\/v2\/pages\/77\/revisions\/786"}],"wp:attachment":[{"href":"https:\/\/www.bruxaines.be\/index.php?rest_route=%2Fwp%2Fv2%2Fmedia&parent=77"}],"curies":[{"name":"wp","href":"https:\/\/api.w.org\/{rel}","templated":true}]}}